{"id":300,"date":"2023-06-05T15:39:46","date_gmt":"2023-06-05T13:39:46","guid":{"rendered":"https:\/\/www.boldairs.net\/?post_type=avada_portfolio&#038;p=300"},"modified":"2023-06-12T17:36:47","modified_gmt":"2023-06-12T15:36:47","slug":"le-ba-ba-de-la-chanson","status":"publish","type":"avada_portfolio","link":"https:\/\/arpegesettremolos.net\/boldairs_old\/artistes\/le-ba-ba-de-la-chanson\/","title":{"rendered":"Le B.A.-BA de la chanson"},"content":{"rendered":"<p><div class=\"fusion-fullwidth fullwidth-box fusion-builder-row-1 fusion-flex-container nonhundred-percent-fullwidth non-hundred-percent-height-scrolling\" style=\"--awb-border-radius-top-left:0px;--awb-border-radius-top-right:0px;--awb-border-radius-bottom-right:0px;--awb-border-radius-bottom-left:0px;--awb-flex-wrap:wrap;\" ><div class=\"fusion-builder-row fusion-row fusion-flex-align-items-stretch fusion-flex-content-wrap\" style=\"max-width:1248px;margin-left: calc(-4% \/ 2 );margin-right: calc(-4% \/ 2 );\"><div class=\"fusion-layout-column fusion_builder_column fusion-builder-column-0 fusion_builder_column_1_2 1_2 fusion-flex-column\" style=\"--awb-bg-size:cover;--awb-width-large:50%;--awb-margin-top-large:0px;--awb-spacing-right-large:3.84%;--awb-margin-bottom-large:20px;--awb-spacing-left-large:3.84%;--awb-width-medium:50%;--awb-order-medium:0;--awb-spacing-right-medium:3.84%;--awb-spacing-left-medium:3.84%;--awb-width-small:100%;--awb-order-small:0;--awb-spacing-right-small:1.92%;--awb-spacing-left-small:1.92%;\"><div class=\"fusion-column-wrapper fusion-column-has-shadow fusion-flex-justify-content-flex-start fusion-content-layout-column\"><div class=\"fusion-image-element \" style=\"--awb-caption-title-font-family:var(--h2_typography-font-family);--awb-caption-title-font-weight:var(--h2_typography-font-weight);--awb-caption-title-font-style:var(--h2_typography-font-style);--awb-caption-title-size:var(--h2_typography-font-size);--awb-caption-title-transform:var(--h2_typography-text-transform);--awb-caption-title-line-height:var(--h2_typography-line-height);--awb-caption-title-letter-spacing:var(--h2_typography-letter-spacing);\"><span class=\" fusion-imageframe imageframe-none imageframe-1 hover-type-none\"><img decoding=\"async\" title=\"ba-BA_Visuels-Reseaux_Couverture de canal pour YouTube &#8211; 2560 x 1440 px\" src=\"https:\/\/www.boldairs.net\/wp-content\/uploads\/sites\/3\/2023\/06\/ba-BA_Visuels-Reseaux_Couverture-de-canal-pour-YouTube-2560-x-1440-px-1.jpg\" alt class=\"img-responsive wp-image-303\"\/><\/span><\/div><\/div><\/div><div class=\"fusion-layout-column fusion_builder_column fusion-builder-column-1 fusion_builder_column_1_2 1_2 fusion-flex-column\" style=\"--awb-padding-top:10px;--awb-padding-right:10px;--awb-padding-bottom:10px;--awb-padding-left:10px;--awb-bg-color:#ffffff;--awb-bg-color-hover:#ffffff;--awb-bg-size:cover;--awb-width-large:50%;--awb-margin-top-large:0px;--awb-spacing-right-large:3.84%;--awb-margin-bottom-large:20px;--awb-spacing-left-large:3.84%;--awb-width-medium:50%;--awb-order-medium:0;--awb-spacing-right-medium:3.84%;--awb-spacing-left-medium:3.84%;--awb-width-small:100%;--awb-order-small:0;--awb-spacing-right-small:1.92%;--awb-spacing-left-small:1.92%;\"><div class=\"fusion-column-wrapper fusion-column-has-shadow fusion-flex-justify-content-flex-start fusion-content-layout-column\"><div class=\"fusion-title title fusion-title-1 fusion-sep-none fusion-title-text fusion-title-size-one\"><h1 class=\"fusion-title-heading title-heading-left\" style=\"margin:0;\">Le B.A.-ba de la chanson<\/h1><\/div><div class=\"fusion-builder-row fusion-builder-row-inner fusion-row fusion-flex-align-items-stretch fusion-flex-content-wrap\" style=\"width:104% !important;max-width:104% !important;margin-left: calc(-4% \/ 2 );margin-right: calc(-4% \/ 2 );\"><div class=\"fusion-layout-column fusion_builder_column_inner fusion-builder-nested-column-0 fusion_builder_column_inner_1_2 1_2 fusion-flex-column fusion-flex-align-self-stretch\" style=\"--awb-bg-size:cover;--awb-width-large:50%;--awb-margin-top-large:0px;--awb-spacing-right-large:3.84%;--awb-margin-bottom-large:20px;--awb-spacing-left-large:3.84%;--awb-width-medium:50%;--awb-order-medium:0;--awb-spacing-right-medium:3.84%;--awb-spacing-left-medium:3.84%;--awb-width-small:100%;--awb-order-small:0;--awb-spacing-right-small:1.92%;--awb-spacing-left-small:1.92%;\"><div class=\"fusion-column-wrapper fusion-column-has-shadow fusion-flex-justify-content-flex-start fusion-content-layout-column\"><ul style=\"--awb-iconcolor:var(--awb-color5);--awb-textcolor:var(--awb-color3);--awb-line-height:27.2px;--awb-icon-width:27.2px;--awb-icon-height:27.2px;--awb-icon-margin:11.2px;--awb-content-margin:38.4px;--awb-circlecolor:var(--awb-color3);--awb-circle-yes-font-size:14.08px;\" class=\"fusion-checklist fusion-checklist-1 fusion-checklist-default type-icons\"><li class=\"fusion-li-item\" style=\"\"><span class=\"icon-wrapper circle-yes\"><i class=\"fusion-li-icon fa-calendar-check fas\" aria-hidden=\"true\"><\/i><\/span><div class=\"fusion-li-item-content\">Dimanche 8 octobre 2023<\/div><\/li><li class=\"fusion-li-item\" style=\"\"><span class=\"icon-wrapper circle-yes\"><i class=\"fusion-li-icon fa-map-marker-alt fas\" aria-hidden=\"true\"><\/i><\/span><div class=\"fusion-li-item-content\"><em>Salle des f\u00eates Anne-Sylvestre<br \/>\n<\/em>Puygouzon, 81990<\/div><\/li><\/ul><\/div><\/div><div class=\"fusion-layout-column fusion_builder_column_inner fusion-builder-nested-column-1 fusion_builder_column_inner_1_2 1_2 fusion-flex-column fusion-flex-align-self-stretch\" style=\"--awb-bg-size:cover;--awb-width-large:50%;--awb-margin-top-large:0px;--awb-spacing-right-large:3.84%;--awb-margin-bottom-large:20px;--awb-spacing-left-large:3.84%;--awb-width-medium:50%;--awb-order-medium:0;--awb-spacing-right-medium:3.84%;--awb-spacing-left-medium:3.84%;--awb-width-small:100%;--awb-order-small:0;--awb-spacing-right-small:1.92%;--awb-spacing-left-small:1.92%;\"><div class=\"fusion-column-wrapper fusion-column-has-shadow fusion-flex-justify-content-center fusion-content-layout-column\"><div class=\"fusion-social-links fusion-social-links-1\" style=\"--awb-margin-top:0px;--awb-margin-right:0px;--awb-margin-bottom:0px;--awb-margin-left:0px;--awb-box-border-top:0px;--awb-box-border-right:0px;--awb-box-border-bottom:0px;--awb-box-border-left:0px;--awb-icon-colors-hover:rgba(158,160,164,0.8);--awb-box-colors-hover:rgba(242,243,245,0.8);--awb-box-border-color:var(--awb-color3);--awb-box-border-color-hover:var(--awb-color4);\"><div class=\"fusion-social-networks color-type-custom\"><div class=\"fusion-social-networks-wrapper\"><a class=\"fusion-social-network-icon fusion-tooltip fusion-facebook awb-icon-facebook\" style=\"color:#9ea0a4;font-size:16px;\" data-placement=\"top\" data-title=\"Facebook\" data-toggle=\"tooltip\" title=\"Facebook\" aria-label=\"facebook\" target=\"_blank\" rel=\"noopener noreferrer\" href=\"https:\/\/www.facebook.com\/profile.php?id=100091869134302\"><\/a><a class=\"fusion-social-network-icon fusion-tooltip fusion-instagram awb-icon-instagram\" style=\"color:#9ea0a4;font-size:16px;\" data-placement=\"top\" data-title=\"Instagram\" data-toggle=\"tooltip\" title=\"Instagram\" aria-label=\"instagram\" target=\"_blank\" rel=\"noopener noreferrer\" href=\"https:\/\/www.instagram.com\/apartirde12\/\"><\/a><a class=\"fusion-social-network-icon fusion-tooltip fusion-twitter awb-icon-twitter\" style=\"color:#9ea0a4;font-size:16px;\" data-placement=\"top\" data-title=\"X\" data-toggle=\"tooltip\" title=\"X\" aria-label=\"twitter\" target=\"_blank\" rel=\"noopener noreferrer\" href=\"#\"><\/a><\/div><\/div><\/div><\/div><\/div><\/div><div class=\"fusion-separator fusion-full-width-sep\" style=\"align-self: center;margin-left: auto;margin-right: auto;margin-top:10px;width:100%;\"><\/div><div class=\"fusion-text fusion-text-1 fusion-text-no-margin\" style=\"--awb-content-alignment:justify;--awb-text-color:var(--awb-color3);--awb-margin-top:20px;--awb-margin-bottom:20px;\"><p><i>Revisit\u00e9 par Emilie Marsh, Melissmell, Jules et Wally<\/i><\/p>\n<p>Cher Bol d\u2019airs de Puygouzon,<\/p>\n<p>Toi qui d\u00e9fends la chanson sous toutes ses formes, il nous a sembl\u00e9 opportun de te fa\u00e7onner un ab\u00e9c\u00e9daire de notre patrimoine musical.<\/p>\n<p>Un \u00e9tat des lieux. Une Anthologie. Un dictionnaire.<\/p>\n<p>Et comme toute encyclop\u00e9die Universalis (anc\u00eatre de Wikip\u00e9dia) ou<\/p>\n<p>le canevas fait main par ta tatie, tenant par un f\u00e9brile clou au-dessus de ton lit, qui te rappelait les 26 lettres de l\u2019alphabet, nous avons fait un tirage au sort, sous contr\u00f4le d\u2019un huissier b\u00e9n\u00e9vole car les temps sont durs. Et c\u2019est l\u2019\u00e9pisode 2 qui est tomb\u00e9 du chapeau. A savoir les lettres CDEF.<\/p>\n<p>Donc chauffe toi le muscle vocal, frictionne tes genouill\u00e8res pour reprendre \u00e0 ch\u0153ur et \u00e0 cri les plus belles ou les plus dingues chansons de Christophe en duo avec la Compagnie Cr\u00e9ole.<\/p>\n<p>Ce soir Francis Cabrel sera accompagn\u00e9 de Dalida \u00e0 la guitare \u00e9lectrique, St\u00e9phane Eicher et Calogero feront des maracas sur un tube de C\u00e9line Dion, peut-\u00eatre m\u00eame qu\u2019Etienne Daho jouera de la trompette tout pr\u00e8s du brushing de Joe Dassin. 5 interpr\u00e8tes singuliers, 4 musiciens v\u00e9loces. \u00c7a promet.<\/p>\n<p>Le choix sera forc\u00e9ment subjectif, mais sinc\u00e8re.<\/p>\n<p>Indubitablement arbitraire, mais jubilatoire.<\/p>\n<p>Bref le meilleur, ou le pire si tu insistes vraiment, de la chanson francophone que nous chanterons \u00e0 plein poumons et en c(h)oeur.<\/p>\n<\/div><div style=\"text-align:center;\"><a class=\"fusion-button button-flat button-xlarge button-custom fusion-button-default button-1 fusion-button-default-span fusion-button-default-type\" style=\"--button_accent_color:var(--awb-color5);--button_border_color:var(--awb-color5);--button_accent_hover_color:var(--awb-color3);--button_border_hover_color:var(--awb-color3);--button_gradient_top_color:var(--awb-color3);--button_gradient_bottom_color:var(--awb-color3);--button_gradient_top_color_hover:var(--awb-color5);--button_gradient_bottom_color_hover:var(--awb-color5);\" target=\"_self\" href=\"https:\/\/billetterie.festik.net\/unboldairs\/\"><i class=\"fa-heart fas button-icon-left\" aria-hidden=\"true\"><\/i><span class=\"fusion-button-text\">Je r\u00e9serve !<\/span><\/a><\/div><\/div><\/div><\/div><\/div><div class=\"fusion-fullwidth fullwidth-box fusion-builder-row-2 fusion-flex-container has-pattern-background has-mask-background nonhundred-percent-fullwidth non-hundred-percent-height-scrolling\" style=\"--awb-border-radius-top-left:0px;--awb-border-radius-top-right:0px;--awb-border-radius-bottom-right:0px;--awb-border-radius-bottom-left:0px;--awb-flex-wrap:wrap;\" ><div class=\"fusion-builder-row fusion-row fusion-flex-align-items-flex-start fusion-flex-content-wrap\" style=\"max-width:1248px;margin-left: calc(-4% \/ 2 );margin-right: calc(-4% \/ 2 );\"><div class=\"fusion-layout-column fusion_builder_column fusion-builder-column-2 fusion_builder_column_1_1 1_1 fusion-flex-column\" style=\"--awb-bg-size:cover;--awb-width-large:100%;--awb-margin-top-large:0px;--awb-spacing-right-large:1.92%;--awb-margin-bottom-large:20px;--awb-spacing-left-large:1.92%;--awb-width-medium:100%;--awb-order-medium:0;--awb-spacing-right-medium:1.92%;--awb-spacing-left-medium:1.92%;--awb-width-small:100%;--awb-order-small:0;--awb-spacing-right-small:1.92%;--awb-spacing-left-small:1.92%;\"><div class=\"fusion-column-wrapper fusion-column-has-shadow fusion-flex-justify-content-flex-start fusion-content-layout-column\"><div class=\"fusion-video fusion-youtube\" style=\"--awb-max-width:1500px;--awb-max-height:844px;\"><div class=\"video-shortcode\"><div class=\"fluid-width-video-wrapper\" style=\"padding-top:56.27%;\" ><iframe title=\"YouTube video player 1\" src=\"https:\/\/www.youtube.com\/embed\/hbxSVnhF84Q?wmode=transparent&autoplay=0\" width=\"1500\" height=\"844\" allowfullscreen allow=\"autoplay; fullscreen\"><\/iframe><\/div><\/div><\/div><\/div><\/div><\/div><\/div><div class=\"fusion-fullwidth fullwidth-box fusion-builder-row-3 fusion-flex-container nonhundred-percent-fullwidth non-hundred-percent-height-scrolling\" style=\"--awb-border-radius-top-left:0px;--awb-border-radius-top-right:0px;--awb-border-radius-bottom-right:0px;--awb-border-radius-bottom-left:0px;--awb-flex-wrap:wrap;\" ><div class=\"fusion-builder-row fusion-row fusion-flex-align-items-flex-start fusion-flex-content-wrap\" style=\"max-width:1248px;margin-left: calc(-4% \/ 2 );margin-right: calc(-4% \/ 2 );\"><div class=\"fusion-layout-column fusion_builder_column fusion-builder-column-3 fusion_builder_column_1_3 1_3 fusion-flex-column\" style=\"--awb-bg-size:cover;--awb-width-large:33.333333333333%;--awb-margin-top-large:0px;--awb-spacing-right-large:5.76%;--awb-margin-bottom-large:20px;--awb-spacing-left-large:5.76%;--awb-width-medium:33.333333333333%;--awb-order-medium:0;--awb-spacing-right-medium:5.76%;--awb-spacing-left-medium:5.76%;--awb-width-small:100%;--awb-order-small:0;--awb-spacing-right-small:1.92%;--awb-spacing-left-small:1.92%;\"><div class=\"fusion-column-wrapper fusion-column-has-shadow fusion-flex-justify-content-flex-start fusion-content-layout-column\"><div class=\"fusion-title title fusion-title-2 fusion-sep-none fusion-title-text fusion-title-size-four\"><h4 class=\"fusion-title-heading title-heading-left\" style=\"margin:0;\">D\u00e9tails<\/h4><\/div><ul style=\"--awb-iconcolor:var(--awb-color5);--awb-textcolor:#ffffff;--awb-line-height:27.2px;--awb-icon-width:27.2px;--awb-icon-height:27.2px;--awb-icon-margin:11.2px;--awb-content-margin:38.4px;--awb-circlecolor:var(--awb-color3);--awb-circle-yes-font-size:14.08px;\" class=\"fusion-checklist fusion-checklist-2 fusion-checklist-default type-icons\"><li class=\"fusion-li-item\" style=\"\"><span class=\"icon-wrapper circle-yes\"><i class=\"fusion-li-icon fa-clock fas\" aria-hidden=\"true\"><\/i><\/span><div class=\"fusion-li-item-content\">\n<p>17h00<\/p>\n<\/div><\/li><li class=\"fusion-li-item\" style=\"\"><span class=\"icon-wrapper circle-yes\"><i class=\"fusion-li-icon fa-euro-sign fas\" aria-hidden=\"true\"><\/i><\/span><div class=\"fusion-li-item-content\">\n<p>19 \/ 16 \/ 12 euros<\/p>\n<\/div><\/li><\/ul><\/div><\/div><div class=\"fusion-layout-column fusion_builder_column fusion-builder-column-4 fusion_builder_column_1_3 1_3 fusion-flex-column\" style=\"--awb-bg-size:cover;--awb-width-large:33.333333333333%;--awb-margin-top-large:0px;--awb-spacing-right-large:5.76%;--awb-margin-bottom-large:20px;--awb-spacing-left-large:5.76%;--awb-width-medium:33.333333333333%;--awb-order-medium:0;--awb-spacing-right-medium:5.76%;--awb-spacing-left-medium:5.76%;--awb-width-small:100%;--awb-order-small:0;--awb-spacing-right-small:1.92%;--awb-spacing-left-small:1.92%;\"><div class=\"fusion-column-wrapper fusion-column-has-shadow fusion-flex-justify-content-flex-start fusion-content-layout-column\"><div class=\"fusion-title title fusion-title-3 fusion-sep-none fusion-title-text fusion-title-size-four\"><h4 class=\"fusion-title-heading title-heading-left\" style=\"margin:0;\">Organisateur<\/h4><\/div><div class=\"fusion-text fusion-text-2\"><p>Arp\u00e8ges et Tr\u00e9molos<br \/>\n<a href=\"https:\/\/arpegesettremolos.net\/\" target=\"_blank\" rel=\"noopener\">arpegesettremolos.net<\/a><\/p>\n<\/div><div class=\"fusion-social-links fusion-social-links-2\" style=\"--awb-margin-top:0px;--awb-margin-right:0px;--awb-margin-bottom:0px;--awb-margin-left:0px;--awb-box-border-top:0px;--awb-box-border-right:0px;--awb-box-border-bottom:0px;--awb-box-border-left:0px;--awb-icon-colors-hover:rgba(158,160,164,0.8);--awb-box-colors-hover:rgba(242,243,245,0.8);--awb-box-border-color:var(--awb-color3);--awb-box-border-color-hover:var(--awb-color4);\"><div class=\"fusion-social-networks boxed-icons color-type-brand\"><div class=\"fusion-social-networks-wrapper\"><a class=\"fusion-social-network-icon fusion-tooltip fusion-facebook awb-icon-facebook\" style=\"color:#ffffff;font-size:20px;width:20px;background-color:#3b5998;border-color:#3b5998;border-radius:4px;\" data-placement=\"top\" data-title=\"Facebook\" data-toggle=\"tooltip\" title=\"Facebook\" aria-label=\"facebook\" target=\"_blank\" rel=\"noopener noreferrer\" href=\"https:\/\/www.facebook.com\/arpegesettremolos\"><\/a><a class=\"fusion-social-network-icon fusion-tooltip fusion-instagram awb-icon-instagram\" style=\"color:#ffffff;font-size:20px;width:20px;background-color:#c13584;border-color:#c13584;border-radius:4px;\" data-placement=\"top\" data-title=\"Instagram\" data-toggle=\"tooltip\" title=\"Instagram\" aria-label=\"instagram\" target=\"_blank\" rel=\"noopener noreferrer\" href=\"https:\/\/www.instagram.com\/arpegesettremolos\/\"><\/a><a class=\"fusion-social-network-icon fusion-tooltip fusion-mail awb-icon-mail\" style=\"color:#ffffff;font-size:20px;width:20px;background-color:#000000;border-color:#000000;border-radius:4px;\" data-placement=\"top\" data-title=\"Email\" data-toggle=\"tooltip\" title=\"Email\" aria-label=\"mail\" target=\"_blank\" rel=\"noopener noreferrer\" href=\"mailto:&#099;o&#110;&#116;&#097;ct&#064;&#097;&#114;&#112;&#101;&#103;&#101;&#115;&#101;&#116;t&#114;e&#109;&#111;los.&#110;e&#116;\"><\/a><a class=\"fusion-social-network-icon fusion-tooltip fusion-phone awb-icon-phone\" style=\"color:#ffffff;font-size:20px;width:20px;background-color:#000000;border-color:#000000;border-radius:4px;\" data-placement=\"top\" data-title=\"T\u00e9l\u00e9phone\" data-toggle=\"tooltip\" title=\"T\u00e9l\u00e9phone\" aria-label=\"phone\" target=\"_self\" rel=\"noopener noreferrer\" href=\"tel:05 63 60 55 90\"><\/a><\/div><\/div><\/div><\/div><\/div><div class=\"fusion-layout-column fusion_builder_column fusion-builder-column-5 fusion_builder_column_1_3 1_3 fusion-flex-column\" style=\"--awb-bg-size:cover;--awb-width-large:33.333333333333%;--awb-margin-top-large:0px;--awb-spacing-right-large:5.76%;--awb-margin-bottom-large:20px;--awb-spacing-left-large:5.76%;--awb-width-medium:33.333333333333%;--awb-order-medium:0;--awb-spacing-right-medium:5.76%;--awb-spacing-left-medium:5.76%;--awb-width-small:100%;--awb-order-small:0;--awb-spacing-right-small:1.92%;--awb-spacing-left-small:1.92%;\"><div class=\"fusion-column-wrapper fusion-column-has-shadow fusion-flex-justify-content-flex-start fusion-content-layout-column\"><div class=\"fusion-title title fusion-title-4 fusion-sep-none fusion-title-text fusion-title-size-four\"><h4 class=\"fusion-title-heading title-heading-left\" style=\"margin:0;\">Lieu<\/h4><\/div><ul style=\"--awb-iconcolor:var(--awb-color5);--awb-textcolor:#ffffff;--awb-line-height:27.2px;--awb-icon-width:27.2px;--awb-icon-height:27.2px;--awb-icon-margin:11.2px;--awb-content-margin:38.4px;--awb-circlecolor:var(--awb-color3);--awb-circle-yes-font-size:14.08px;\" class=\"fusion-checklist fusion-checklist-3 fusion-checklist-default type-icons\"><li class=\"fusion-li-item\" style=\"\"><span class=\"icon-wrapper circle-yes\"><i class=\"fusion-li-icon fa-map-marker fas\" aria-hidden=\"true\"><\/i><\/span><div class=\"fusion-li-item-content\">\n<p><em>salle<\/em>\u00a0des f\u00eates\u00a0<em>Anne<\/em>&#8211;<em>Sylvestre<br \/>\n<\/em>Puygouzon, 81990<\/p>\n<\/div><\/li><\/ul><\/div><\/div><\/div><\/div><\/p>\n","protected":false},"excerpt":{"rendered":"","protected":false},"author":2,"featured_media":366,"menu_order":15,"comment_status":"closed","ping_status":"closed","template":"","format":"standard","meta":{"_acf_changed":false,"footnotes":""},"portfolio_category":[17,14],"portfolio_skills":[],"portfolio_tags":[],"class_list":["post-300","avada_portfolio","type-avada_portfolio","status-publish","format-standard","has-post-thumbnail","hentry","portfolio_category-dimanche-8-octobre","portfolio_category-17h00"],"acf":[],"yoast_head":"<!-- This site is optimized with the Yoast SEO plugin v25.3 - https:\/\/yoast.com\/wordpress\/plugins\/seo\/ -->\n<title>Le B.A.-BA de la chanson - Festival Un Bol d&#039;Airs<\/title>\n<meta name=\"description\" content=\"Pr\u00e9cis et touchant, cet artiste a rejoint la lumi\u00e8re r\u00e9cemment. Il n\u2019h\u00e9site pas \u00e0 confronter son style empreint de fra\u00eecheur \u00e0 des m\u00e9lodies percutantes.\" \/>\n<meta name=\"robots\" content=\"index, follow, max-snippet:-1, max-image-preview:large, max-video-preview:-1\" \/>\n<link rel=\"canonical\" href=\"https:\/\/arpegesettremolos.net\/boldairs_old\/artistes\/le-ba-ba-de-la-chanson\/\" \/>\n<meta property=\"og:locale\" content=\"fr_FR\" \/>\n<meta property=\"og:type\" content=\"article\" \/>\n<meta property=\"og:title\" content=\"Le B.A.-BA de la chanson - Festival Un Bol d&#039;Airs\" \/>\n<meta property=\"og:description\" content=\"Pr\u00e9cis et touchant, cet artiste a rejoint la lumi\u00e8re r\u00e9cemment. Il n\u2019h\u00e9site pas \u00e0 confronter son style empreint de fra\u00eecheur \u00e0 des m\u00e9lodies percutantes.\" \/>\n<meta property=\"og:url\" content=\"https:\/\/arpegesettremolos.net\/boldairs_old\/artistes\/le-ba-ba-de-la-chanson\/\" \/>\n<meta property=\"og:site_name\" content=\"Festival Un Bol d&#039;Airs\" \/>\n<meta property=\"article:publisher\" content=\"https:\/\/www.facebook.com\/unboldairs\/\" \/>\n<meta property=\"article:modified_time\" content=\"2023-06-12T15:36:47+00:00\" \/>\n<meta property=\"og:image\" content=\"https:\/\/arpegesettremolos.net\/boldairs_old\/wp-content\/uploads\/sites\/3\/2023\/06\/Le-baba-siteweb.png\" \/>\n\t<meta property=\"og:image:width\" content=\"600\" \/>\n\t<meta property=\"og:image:height\" content=\"800\" \/>\n\t<meta property=\"og:image:type\" content=\"image\/png\" \/>\n<meta name=\"twitter:card\" content=\"summary_large_image\" \/>\n<meta name=\"twitter:label1\" content=\"Dur\u00e9e de lecture estim\u00e9e\" \/>\n\t<meta name=\"twitter:data1\" content=\"7 minutes\" \/>\n<script type=\"application\/ld+json\" class=\"yoast-schema-graph\">{\"@context\":\"https:\/\/schema.org\",\"@graph\":[{\"@type\":\"WebPage\",\"@id\":\"https:\/\/arpegesettremolos.net\/boldairs_old\/artistes\/le-ba-ba-de-la-chanson\/\",\"url\":\"https:\/\/arpegesettremolos.net\/boldairs_old\/artistes\/le-ba-ba-de-la-chanson\/\",\"name\":\"Le B.A.-BA de la chanson - Festival Un Bol d&#039;Airs\",\"isPartOf\":{\"@id\":\"https:\/\/arpegesettremolos.net\/boldairs_old\/#website\"},\"primaryImageOfPage\":{\"@id\":\"https:\/\/arpegesettremolos.net\/boldairs_old\/artistes\/le-ba-ba-de-la-chanson\/#primaryimage\"},\"image\":{\"@id\":\"https:\/\/arpegesettremolos.net\/boldairs_old\/artistes\/le-ba-ba-de-la-chanson\/#primaryimage\"},\"thumbnailUrl\":\"https:\/\/arpegesettremolos.net\/boldairs_old\/wp-content\/uploads\/sites\/3\/2023\/06\/Le-baba-siteweb.png\",\"datePublished\":\"2023-06-05T13:39:46+00:00\",\"dateModified\":\"2023-06-12T15:36:47+00:00\",\"description\":\"Pr\u00e9cis et touchant, cet artiste a rejoint la lumi\u00e8re r\u00e9cemment. Il n\u2019h\u00e9site pas \u00e0 confronter son style empreint de fra\u00eecheur \u00e0 des m\u00e9lodies percutantes.\",\"breadcrumb\":{\"@id\":\"https:\/\/arpegesettremolos.net\/boldairs_old\/artistes\/le-ba-ba-de-la-chanson\/#breadcrumb\"},\"inLanguage\":\"fr-FR\",\"potentialAction\":[{\"@type\":\"ReadAction\",\"target\":[\"https:\/\/arpegesettremolos.net\/boldairs_old\/artistes\/le-ba-ba-de-la-chanson\/\"]}]},{\"@type\":\"ImageObject\",\"inLanguage\":\"fr-FR\",\"@id\":\"https:\/\/arpegesettremolos.net\/boldairs_old\/artistes\/le-ba-ba-de-la-chanson\/#primaryimage\",\"url\":\"https:\/\/arpegesettremolos.net\/boldairs_old\/wp-content\/uploads\/sites\/3\/2023\/06\/Le-baba-siteweb.png\",\"contentUrl\":\"https:\/\/arpegesettremolos.net\/boldairs_old\/wp-content\/uploads\/sites\/3\/2023\/06\/Le-baba-siteweb.png\",\"width\":600,\"height\":800},{\"@type\":\"BreadcrumbList\",\"@id\":\"https:\/\/arpegesettremolos.net\/boldairs_old\/artistes\/le-ba-ba-de-la-chanson\/#breadcrumb\",\"itemListElement\":[{\"@type\":\"ListItem\",\"position\":1,\"name\":\"Accueil\",\"item\":\"https:\/\/arpegesettremolos.net\/boldairs_old\/\"},{\"@type\":\"ListItem\",\"position\":2,\"name\":\"Portfolio\",\"item\":\"https:\/\/arpegesettremolos.net\/boldairs_old\/artistes\/\"},{\"@type\":\"ListItem\",\"position\":3,\"name\":\"Le B.A.-BA de la chanson\"}]},{\"@type\":\"WebSite\",\"@id\":\"https:\/\/arpegesettremolos.net\/boldairs_old\/#website\",\"url\":\"https:\/\/arpegesettremolos.net\/boldairs_old\/\",\"name\":\"Festival Un Bol d&#039;Airs\",\"description\":\"Un site utilisant Les sites de l&#039;association Arp\u00e8ges et Tr\u00e9molos\",\"potentialAction\":[{\"@type\":\"SearchAction\",\"target\":{\"@type\":\"EntryPoint\",\"urlTemplate\":\"https:\/\/arpegesettremolos.net\/boldairs_old\/?s={search_term_string}\"},\"query-input\":{\"@type\":\"PropertyValueSpecification\",\"valueRequired\":true,\"valueName\":\"search_term_string\"}}],\"inLanguage\":\"fr-FR\"}]}<\/script>\n<!-- \/ Yoast SEO plugin. -->","yoast_head_json":{"title":"Le B.A.-BA de la chanson - Festival Un Bol d&#039;Airs","description":"Pr\u00e9cis et touchant, cet artiste a rejoint la lumi\u00e8re r\u00e9cemment. Il n\u2019h\u00e9site pas \u00e0 confronter son style empreint de fra\u00eecheur \u00e0 des m\u00e9lodies percutantes.","robots":{"index":"index","follow":"follow","max-snippet":"max-snippet:-1","max-image-preview":"max-image-preview:large","max-video-preview":"max-video-preview:-1"},"canonical":"https:\/\/arpegesettremolos.net\/boldairs_old\/artistes\/le-ba-ba-de-la-chanson\/","og_locale":"fr_FR","og_type":"article","og_title":"Le B.A.-BA de la chanson - Festival Un Bol d&#039;Airs","og_description":"Pr\u00e9cis et touchant, cet artiste a rejoint la lumi\u00e8re r\u00e9cemment. Il n\u2019h\u00e9site pas \u00e0 confronter son style empreint de fra\u00eecheur \u00e0 des m\u00e9lodies percutantes.","og_url":"https:\/\/arpegesettremolos.net\/boldairs_old\/artistes\/le-ba-ba-de-la-chanson\/","og_site_name":"Festival Un Bol d&#039;Airs","article_publisher":"https:\/\/www.facebook.com\/unboldairs\/","article_modified_time":"2023-06-12T15:36:47+00:00","og_image":[{"width":600,"height":800,"url":"https:\/\/arpegesettremolos.net\/boldairs_old\/wp-content\/uploads\/sites\/3\/2023\/06\/Le-baba-siteweb.png","type":"image\/png"}],"twitter_card":"summary_large_image","twitter_misc":{"Dur\u00e9e de lecture estim\u00e9e":"7 minutes"},"schema":{"@context":"https:\/\/schema.org","@graph":[{"@type":"WebPage","@id":"https:\/\/arpegesettremolos.net\/boldairs_old\/artistes\/le-ba-ba-de-la-chanson\/","url":"https:\/\/arpegesettremolos.net\/boldairs_old\/artistes\/le-ba-ba-de-la-chanson\/","name":"Le B.A.-BA de la chanson - Festival Un Bol d&#039;Airs","isPartOf":{"@id":"https:\/\/arpegesettremolos.net\/boldairs_old\/#website"},"primaryImageOfPage":{"@id":"https:\/\/arpegesettremolos.net\/boldairs_old\/artistes\/le-ba-ba-de-la-chanson\/#primaryimage"},"image":{"@id":"https:\/\/arpegesettremolos.net\/boldairs_old\/artistes\/le-ba-ba-de-la-chanson\/#primaryimage"},"thumbnailUrl":"https:\/\/arpegesettremolos.net\/boldairs_old\/wp-content\/uploads\/sites\/3\/2023\/06\/Le-baba-siteweb.png","datePublished":"2023-06-05T13:39:46+00:00","dateModified":"2023-06-12T15:36:47+00:00","description":"Pr\u00e9cis et touchant, cet artiste a rejoint la lumi\u00e8re r\u00e9cemment. Il n\u2019h\u00e9site pas \u00e0 confronter son style empreint de fra\u00eecheur \u00e0 des m\u00e9lodies percutantes.","breadcrumb":{"@id":"https:\/\/arpegesettremolos.net\/boldairs_old\/artistes\/le-ba-ba-de-la-chanson\/#breadcrumb"},"inLanguage":"fr-FR","potentialAction":[{"@type":"ReadAction","target":["https:\/\/arpegesettremolos.net\/boldairs_old\/artistes\/le-ba-ba-de-la-chanson\/"]}]},{"@type":"ImageObject","inLanguage":"fr-FR","@id":"https:\/\/arpegesettremolos.net\/boldairs_old\/artistes\/le-ba-ba-de-la-chanson\/#primaryimage","url":"https:\/\/arpegesettremolos.net\/boldairs_old\/wp-content\/uploads\/sites\/3\/2023\/06\/Le-baba-siteweb.png","contentUrl":"https:\/\/arpegesettremolos.net\/boldairs_old\/wp-content\/uploads\/sites\/3\/2023\/06\/Le-baba-siteweb.png","width":600,"height":800},{"@type":"BreadcrumbList","@id":"https:\/\/arpegesettremolos.net\/boldairs_old\/artistes\/le-ba-ba-de-la-chanson\/#breadcrumb","itemListElement":[{"@type":"ListItem","position":1,"name":"Accueil","item":"https:\/\/arpegesettremolos.net\/boldairs_old\/"},{"@type":"ListItem","position":2,"name":"Portfolio","item":"https:\/\/arpegesettremolos.net\/boldairs_old\/artistes\/"},{"@type":"ListItem","position":3,"name":"Le B.A.-BA de la chanson"}]},{"@type":"WebSite","@id":"https:\/\/arpegesettremolos.net\/boldairs_old\/#website","url":"https:\/\/arpegesettremolos.net\/boldairs_old\/","name":"Festival Un Bol d&#039;Airs","description":"Un site utilisant Les sites de l&#039;association Arp\u00e8ges et Tr\u00e9molos","potentialAction":[{"@type":"SearchAction","target":{"@type":"EntryPoint","urlTemplate":"https:\/\/arpegesettremolos.net\/boldairs_old\/?s={search_term_string}"},"query-input":{"@type":"PropertyValueSpecification","valueRequired":true,"valueName":"search_term_string"}}],"inLanguage":"fr-FR"}]}},"jetpack_sharing_enabled":true,"_links":{"self":[{"href":"https:\/\/arpegesettremolos.net\/boldairs_old\/wp-json\/wp\/v2\/avada_portfolio\/300","targetHints":{"allow":["GET"]}}],"collection":[{"href":"https:\/\/arpegesettremolos.net\/boldairs_old\/wp-json\/wp\/v2\/avada_portfolio"}],"about":[{"href":"https:\/\/arpegesettremolos.net\/boldairs_old\/wp-json\/wp\/v2\/types\/avada_portfolio"}],"author":[{"embeddable":true,"href":"https:\/\/arpegesettremolos.net\/boldairs_old\/wp-json\/wp\/v2\/users\/2"}],"replies":[{"embeddable":true,"href":"https:\/\/arpegesettremolos.net\/boldairs_old\/wp-json\/wp\/v2\/comments?post=300"}],"version-history":[{"count":6,"href":"https:\/\/arpegesettremolos.net\/boldairs_old\/wp-json\/wp\/v2\/avada_portfolio\/300\/revisions"}],"predecessor-version":[{"id":350,"href":"https:\/\/arpegesettremolos.net\/boldairs_old\/wp-json\/wp\/v2\/avada_portfolio\/300\/revisions\/350"}],"wp:featuredmedia":[{"embeddable":true,"href":"https:\/\/arpegesettremolos.net\/boldairs_old\/wp-json\/wp\/v2\/media\/366"}],"wp:attachment":[{"href":"https:\/\/arpegesettremolos.net\/boldairs_old\/wp-json\/wp\/v2\/media?parent=300"}],"wp:term":[{"taxonomy":"portfolio_category","embeddable":true,"href":"https:\/\/arpegesettremolos.net\/boldairs_old\/wp-json\/wp\/v2\/portfolio_category?post=300"},{"taxonomy":"portfolio_skills","embeddable":true,"href":"https:\/\/arpegesettremolos.net\/boldairs_old\/wp-json\/wp\/v2\/portfolio_skills?post=300"},{"taxonomy":"portfolio_tags","embeddable":true,"href":"https:\/\/arpegesettremolos.net\/boldairs_old\/wp-json\/wp\/v2\/portfolio_tags?post=300"}],"curies":[{"name":"wp","href":"https:\/\/api.w.org\/{rel}","templated":true}]}}